{"version":"1.0","provider_name":"O Timoneiro Jornal Canoas RS","provider_url":"https:\/\/jornaltimoneiro.com.br","author_name":"Reda\u00e7\u00e3o","author_url":"https:\/\/jornaltimoneiro.com.br\/index.php\/author\/simone-dutra\/","title":"Fechamento de turno em escola causa indigna\u00e7\u00e3o - O Timoneiro Jornal Canoas RS","type":"rich","width":600,"height":338,"html":"<blockquote class=\"wp-embedded-content\" data-secret=\"0qdBo2nwH5\"><a href=\"https:\/\/jornaltimoneiro.com.br\/index.php\/2020\/01\/31\/fechamento-de-turno-em-escola-causa-indignacao\/\">Fechamento de turno em escola causa indigna\u00e7\u00e3o<\/a><\/blockquote><iframe sandbox=\"allow-scripts\" security=\"restricted\" src=\"https:\/\/jornaltimoneiro.com.br\/index.php\/2020\/01\/31\/fechamento-de-turno-em-escola-causa-indignacao\/embed\/#?secret=0qdBo2nwH5\" width=\"600\" height=\"338\" title=\"&#8220;Fechamento de turno em escola causa indigna\u00e7\u00e3o&#8221; &#8212; O Timoneiro Jornal Canoas RS\" data-secret=\"0qdBo2nwH5\" frameborder=\"0\" marginwidth=\"0\" marginheight=\"0\" scrolling=\"no\" class=\"wp-embedded-content\"><\/iframe><script type=\"text\/javascript\">\n\/* <![CDATA[ *\/\n\/*! This file is auto-generated *\/\n!function(d,l){\"use strict\";l.querySelector&&d.addEventListener&&\"undefined\"!=typeof URL&&(d.wp=d.wp||{},d.wp.receiveEmbedMessage||(d.wp.receiveEmbedMessage=function(e){var t=e.data;if((t||t.secret||t.message||t.value)&&!\/[^a-zA-Z0-9]\/.test(t.secret)){for(var s,r,n,a=l.querySelectorAll('iframe[data-secret=\"'+t.secret+'\"]'),o=l.querySelectorAll('blockquote[data-secret=\"'+t.secret+'\"]'),c=new RegExp(\"^https?:$\",\"i\"),i=0;i<o.length;i++)o[i].style.display=\"none\";for(i=0;i<a.length;i++)s=a[i],e.source===s.contentWindow&&(s.removeAttribute(\"style\"),\"height\"===t.message?(1e3<(r=parseInt(t.value,10))?r=1e3:~~r<200&&(r=200),s.height=r):\"link\"===t.message&&(r=new URL(s.getAttribute(\"src\")),n=new URL(t.value),c.test(n.protocol))&&n.host===r.host&&l.activeElement===s&&(d.top.location.href=t.value))}},d.addEventListener(\"message\",d.wp.receiveEmbedMessage,!1),l.addEventListener(\"DOMContentLoaded\",function(){for(var e,t,s=l.querySelectorAll(\"iframe.wp-embedded-content\"),r=0;r<s.length;r++)(t=(e=s[r]).getAttribute(\"data-secret\"))||(t=Math.random().toString(36).substring(2,12),e.src+=\"#?secret=\"+t,e.setAttribute(\"data-secret\",t)),e.contentWindow.postMessage({message:\"ready\",secret:t},\"*\")},!1)))}(window,document);\n\/* ]]> *\/\n<\/script>\n","thumbnail_url":"https:\/\/jornaltimoneiro.com.br\/wp-content\/uploads\/2020\/01\/db95001e-1f02-4c08-aaa1-0e4e59e543a5.jpg","thumbnail_width":1269,"thumbnail_height":921,"description":"Est\u00e1 marcado na hist\u00f3ria da Escola Estadual Bartolomeu de Gusm\u00e3o as diversas lutas, reivindica\u00e7\u00f5es e conquistas que a comunidade escolar passou nesses quase 80 anos de sua exist\u00eancia. Nas \u00faltimas semanas, uma not\u00edcia inesperada tem causado indigna\u00e7\u00e3o e mobiliza\u00e7\u00e3o entre moradores, estudantes, pais de alunos, e professores: o poss\u00edvel funcionamento de um turno \u00fanico na [&hellip;]"}