{"version":"1.0","provider_name":"O Timoneiro Jornal Canoas RS","provider_url":"https:\/\/jornaltimoneiro.com.br","author_name":"Reda\u00e7\u00e3o","author_url":"https:\/\/jornaltimoneiro.com.br\/index.php\/author\/timoneirocanoas\/","title":"Trilhos do Aerom\u00f3vel chegam na cidade - O Timoneiro Jornal Canoas RS","type":"rich","width":600,"height":338,"html":"<blockquote class=\"wp-embedded-content\" data-secret=\"aeaKOICdR8\"><a href=\"https:\/\/jornaltimoneiro.com.br\/index.php\/2016\/09\/16\/trilhos-do-aeromovel-chegam-na-cidade\/\">Trilhos do Aerom\u00f3vel chegam na cidade<\/a><\/blockquote><iframe sandbox=\"allow-scripts\" security=\"restricted\" src=\"https:\/\/jornaltimoneiro.com.br\/index.php\/2016\/09\/16\/trilhos-do-aeromovel-chegam-na-cidade\/embed\/#?secret=aeaKOICdR8\" width=\"600\" height=\"338\" title=\"&#8220;Trilhos do Aerom\u00f3vel chegam na cidade&#8221; &#8212; O Timoneiro Jornal Canoas RS\" data-secret=\"aeaKOICdR8\" frameborder=\"0\" marginwidth=\"0\" marginheight=\"0\" scrolling=\"no\" class=\"wp-embedded-content\"><\/iframe><script type=\"text\/javascript\">\n\/* <![CDATA[ *\/\n\/*! This file is auto-generated *\/\n!function(d,l){\"use strict\";l.querySelector&&d.addEventListener&&\"undefined\"!=typeof URL&&(d.wp=d.wp||{},d.wp.receiveEmbedMessage||(d.wp.receiveEmbedMessage=function(e){var t=e.data;if((t||t.secret||t.message||t.value)&&!\/[^a-zA-Z0-9]\/.test(t.secret)){for(var s,r,n,a=l.querySelectorAll('iframe[data-secret=\"'+t.secret+'\"]'),o=l.querySelectorAll('blockquote[data-secret=\"'+t.secret+'\"]'),c=new RegExp(\"^https?:$\",\"i\"),i=0;i<o.length;i++)o[i].style.display=\"none\";for(i=0;i<a.length;i++)s=a[i],e.source===s.contentWindow&&(s.removeAttribute(\"style\"),\"height\"===t.message?(1e3<(r=parseInt(t.value,10))?r=1e3:~~r<200&&(r=200),s.height=r):\"link\"===t.message&&(r=new URL(s.getAttribute(\"src\")),n=new URL(t.value),c.test(n.protocol))&&n.host===r.host&&l.activeElement===s&&(d.top.location.href=t.value))}},d.addEventListener(\"message\",d.wp.receiveEmbedMessage,!1),l.addEventListener(\"DOMContentLoaded\",function(){for(var e,t,s=l.querySelectorAll(\"iframe.wp-embedded-content\"),r=0;r<s.length;r++)(t=(e=s[r]).getAttribute(\"data-secret\"))||(t=Math.random().toString(36).substring(2,12),e.src+=\"#?secret=\"+t,e.setAttribute(\"data-secret\",t)),e.contentWindow.postMessage({message:\"ready\",secret:t},\"*\")},!1)))}(window,document);\n\/* ]]> *\/\n<\/script>\n","thumbnail_url":null,"thumbnail_width":null,"thumbnail_height":null,"description":"A primeira carga de trilhos, que ser\u00e3o utilizados pelo sistema aerom\u00f3vel, j\u00e1 est\u00e3o em solo canoense. Eles est\u00e3o sendo armazenados pr\u00f3ximos ao escrit\u00f3rio da empresa Aerom\u00f3vel Brasil S.A., nas depend\u00eancias da Ulbra. Fabricados na Espanha, demandaram tr\u00eas semanas de transporte at\u00e9 o Porto de S\u00e3o Francisco do Sul, em Santa Catarina. Duas carretas chegaram na [&hellip;]"}